{"id":13040,"date":"2026-04-27T03:35:34","date_gmt":"2026-04-27T01:35:34","guid":{"rendered":"https:\/\/ostau-occitan.org\/?post_type=event&#038;p=13040"},"modified":"2026-04-27T14:01:20","modified_gmt":"2026-04-27T12:01:20","slug":"cantera-a-gajac","status":"publish","type":"event","link":"https:\/\/ostau-occitan.org\/oc\/event\/cantera-a-gajac\/","title":{"rendered":"Cant\u00e8ra a Gajac"},"content":{"rendered":"\n<h2 class=\"wp-block-heading\">Cant\u00e8ra a Gajac<\/h2>\n\n\n\n<p class=\"has-medium-font-size\">Lo dissabte 2 de mai a Gajac dens l&#8217;encastre deu mes de la lenga e de la corruda <a href=\"https:\/\/lapassem.com\/\" target=\"_blank\" rel=\"noreferrer noopener\">La Passem !<\/a> (esperada a Gajac lo dijaus 7 de mai), <a href=\"http:\/\/estaca.free.fr\/\" target=\"_blank\" rel=\"noreferrer noopener\">L&#8217;Estaca<\/a> se junher\u00e0 \u00e0 Lacan&#8217;\u00f2c t\u00e0 perpausar ua cant\u00e8ra en lenga gascona, tanben dab coralas Sarramilh\u00f2c, ATP et Passa Camin.<\/p>\n\n\n\n<p class=\"has-medium-font-size\">Debuta deu concert a 16 \u00f2ras.<\/p>\n\n\n\n<p class=\"has-medium-font-size\">Programa <a href=\"https:\/\/lapassem.com\/2026\/04\/22\/mes-de-la-lenga-en-gironda\/\" target=\"_blank\" rel=\"noreferrer noopener\">deu mes de la lenga en Gironda<\/a>.<\/p>\n\n\n\n<div style=\"height:50px\" aria-hidden=\"true\" class=\"wp-block-spacer\"><\/div>\n\n\n\n<div class=\"wp-block-uagb-image uagb-block-e9e3a9e4 wp-block-uagb-image--layout-default wp-block-uagb-image--effect-static wp-block-uagb-image--align-none\"><figure class=\"wp-block-uagb-image__figure\"><img decoding=\"async\" srcset=\"https:\/\/ostau-occitan.org\/wp-content\/uploads\/2026\/04\/Mesdelalenga.png ,https:\/\/ostau-occitan.org\/wp-content\/uploads\/2026\/04\/Mesdelalenga.png 780w, https:\/\/ostau-occitan.org\/wp-content\/uploads\/2026\/04\/Mesdelalenga.png 360w\" sizes=\"auto, (max-width: 480px) 150px\" src=\"https:\/\/ostau-occitan.org\/wp-content\/uploads\/2026\/04\/Mesdelalenga.png\" alt=\"\" class=\"uag-image-13041\" width=\"478\" height=\"232\" title=\"Mesdelalenga\" loading=\"lazy\" role=\"img\"\/><\/figure><\/div>\n\n\n\n<div style=\"height:50px\" aria-hidden=\"true\" class=\"wp-block-spacer\"><\/div>\n\n\n\n<p class=\"has-medium-font-size\">Samedi 2 mai \u00e0 Gajac dans le cadre du \u00ab mes de la lenga \u00bb et de <a href=\"https:\/\/lapassem.com\/\" target=\"_blank\" rel=\"noreferrer noopener\">La Passem !<\/a> (attendue \u00e0 Gajac le jeudi 7 mai), <a href=\"http:\/\/estaca.free.fr\/\" target=\"_blank\" rel=\"noreferrer noopener\">L&#8217;Estaca<\/a> se joindra \u00e0 Lacan&#8217;\u00f2c pour proposer un tour de chant en gascon, avec \u00e9galement les chorales Sarramilh\u00f2c, ATP et Passa Camin.<\/p>\n\n\n\n<p class=\"has-medium-font-size\">D\u00e9but du concert \u00e0 16 h 00.<\/p>\n\n\n\n<p class=\"has-medium-font-size\">Programme du <a href=\"https:\/\/lapassem.com\/2026\/04\/22\/mes-de-la-lenga-en-gironda\/\" target=\"_blank\" rel=\"noreferrer noopener\">mes de la lenga en Gironde<\/a>.<\/p>\n","protected":false},"author":4,"featured_media":13060,"menu_order":0,"template":"","meta":{"_uag_custom_page_level_css":"","site-sidebar-layout":"default","site-content-layout":"","ast-site-content-layout":"default","site-content-style":"default","site-sidebar-style":"default","ast-global-header-display":"","ast-banner-title-visibility":"","ast-main-header-display":"","ast-hfb-above-header-display":"","ast-hfb-below-header-display":"","ast-hfb-mobile-header-display":"","site-post-title":"disabled","ast-breadcrumbs-content":"","ast-featured-img":"","footer-sml-layout":"","ast-disable-related-posts":"","theme-transparent-header-meta":"","adv-header-id-meta":"","stick-header-meta":"","header-above-stick-meta":"","header-main-stick-meta":"","header-below-stick-meta":"","astra-migrate-meta-layouts":"set","ast-page-background-enabled":"default","ast-page-background-meta":{"desktop":{"background-color":"var(--ast-global-color-4)","background-image":"","background-repeat":"repeat","background-position":"center center","background-size":"auto","background-attachment":"scroll","background-type":"","background-media":"","overlay-type":"","overlay-color":"","overlay-opacity":"","overlay-gradient":""},"tablet":{"background-color":"","background-image":"","background-repeat":"repeat","background-position":"center center","background-size":"auto","background-attachment":"scroll","background-type":"","background-media":"","overlay-type":"","overlay-color":"","overlay-opacity":"","overlay-gradient":""},"mobile":{"background-color":"","background-image":"","background-repeat":"repeat","background-position":"center center","background-size":"auto","background-attachment":"scroll","background-type":"","background-media":"","overlay-type":"","overlay-color":"","overlay-opacity":"","overlay-gradient":""}},"ast-content-background-meta":{"desktop":{"background-color":"var(--ast-global-color-5)","background-image":"","background-repeat":"repeat","background-position":"center center","background-size":"auto","background-attachment":"scroll","background-type":"","background-media":"","overlay-type":"","overlay-color":"","overlay-opacity":"","overlay-gradient":""},"tablet":{"background-color":"var(--ast-global-color-5)","background-image":"","background-repeat":"repeat","background-position":"center center","background-size":"auto","background-attachment":"scroll","background-type":"","background-media":"","overlay-type":"","overlay-color":"","overlay-opacity":"","overlay-gradient":""},"mobile":{"background-color":"var(--ast-global-color-5)","background-image":"","background-repeat":"repeat","background-position":"center center","background-size":"auto","background-attachment":"scroll","background-type":"","background-media":"","overlay-type":"","overlay-color":"","overlay-opacity":"","overlay-gradient":""}},"footnotes":""},"event_cat":[53,54,67],"class_list":["post-13040","event","type-event","status-publish","has-post-thumbnail","hentry","event_cat-cantera","event_cat-concert","event_cat-hesta"],"translation":{"provider":"WPGlobus","version":"3.0.2","language":"oc","enabled_languages":["fr","oc"],"languages":{"fr":{"title":true,"content":true,"excerpt":false},"oc":{"title":false,"content":false,"excerpt":false}}},"uagb_featured_image_src":{"full":["https:\/\/ostau-occitan.org\/wp-content\/uploads\/2026\/04\/Mesdelalenga-2.png",478,232,false],"thumbnail":["https:\/\/ostau-occitan.org\/wp-content\/uploads\/2026\/04\/Mesdelalenga-2-150x150.png",150,150,true],"medium":["https:\/\/ostau-occitan.org\/wp-content\/uploads\/2026\/04\/Mesdelalenga-2-300x146.png",300,146,true],"medium_large":["https:\/\/ostau-occitan.org\/wp-content\/uploads\/2026\/04\/Mesdelalenga-2.png",478,232,false],"large":["https:\/\/ostau-occitan.org\/wp-content\/uploads\/2026\/04\/Mesdelalenga-2.png",478,232,false],"1536x1536":["https:\/\/ostau-occitan.org\/wp-content\/uploads\/2026\/04\/Mesdelalenga-2.png",478,232,false],"2048x2048":["https:\/\/ostau-occitan.org\/wp-content\/uploads\/2026\/04\/Mesdelalenga-2.png",478,232,false]},"uagb_author_info":{"display_name":"Ostau Occitan","author_link":"https:\/\/ostau-occitan.org\/oc\/author\/ostau\/"},"uagb_comment_info":0,"uagb_excerpt":"Cant\u00e8ra a Gajac Lo dissabte 2 de mai a Gajac dens l&#8217;encastre deu mes de la lenga e de la corruda La Passem ! (esperada a Gajac lo dijaus 7 de mai), L&#8217;Estaca se junher\u00e0 \u00e0 Lacan&#8217;\u00f2c t\u00e0 perpausar ua cant\u00e8ra en lenga gascona, tanben dab coralas Sarramilh\u00f2c, ATP et Passa Camin. Debuta deu concert&hellip;","_links":{"self":[{"href":"https:\/\/ostau-occitan.org\/oc\/wp-json\/wp\/v2\/event\/13040","targetHints":{"allow":["GET"]}}],"collection":[{"href":"https:\/\/ostau-occitan.org\/oc\/wp-json\/wp\/v2\/event"}],"about":[{"href":"https:\/\/ostau-occitan.org\/oc\/wp-json\/wp\/v2\/types\/event"}],"author":[{"embeddable":true,"href":"https:\/\/ostau-occitan.org\/oc\/wp-json\/wp\/v2\/users\/4"}],"version-history":[{"count":4,"href":"https:\/\/ostau-occitan.org\/oc\/wp-json\/wp\/v2\/event\/13040\/revisions"}],"predecessor-version":[{"id":13055,"href":"https:\/\/ostau-occitan.org\/oc\/wp-json\/wp\/v2\/event\/13040\/revisions\/13055"}],"wp:featuredmedia":[{"embeddable":true,"href":"https:\/\/ostau-occitan.org\/oc\/wp-json\/wp\/v2\/media\/13060"}],"wp:attachment":[{"href":"https:\/\/ostau-occitan.org\/oc\/wp-json\/wp\/v2\/media?parent=13040"}],"wp:term":[{"taxonomy":"event_cat","embeddable":true,"href":"https:\/\/ostau-occitan.org\/oc\/wp-json\/wp\/v2\/event_cat?post=13040"}],"curies":[{"name":"wp","href":"https:\/\/api.w.org\/{rel}","templated":true}]}}